{"id":6998,"date":"2022-06-22T14:48:41","date_gmt":"2022-06-22T13:48:41","guid":{"rendered":"https:\/\/avamoplast.be\/conditions-generales-de-vente\/"},"modified":"2022-06-23T15:35:05","modified_gmt":"2022-06-23T14:35:05","slug":"conditions-generales-de-vente","status":"publish","type":"page","link":"https:\/\/avamoplast.be\/fr\/conditions-generales-de-vente\/","title":{"rendered":"Conditions g\u00e9n\u00e9rales de vente"},"content":{"rendered":"\t\t<div data-elementor-type=\"wp-page\" data-elementor-id=\"6998\" class=\"elementor elementor-6998 elementor-2440\" data-elementor-post-type=\"page\">\n\t\t\t\t\t\t<section class=\"elementor-section elementor-top-section elementor-element elementor-element-62c97268 elementor-section-boxed elementor-section-height-default elementor-section-height-default\" data-id=\"62c97268\" data-element_type=\"section\" data-e-type=\"section\">\n\t\t\t\t\t\t<div class=\"elementor-container elementor-column-gap-default\">\n\t\t\t\t\t<div class=\"elementor-column elementor-col-100 elementor-top-column elementor-element elementor-element-6b501f22\" data-id=\"6b501f22\" data-element_type=\"column\" data-e-type=\"column\">\n\t\t\t<div class=\"elementor-widget-wrap elementor-element-populated\">\n\t\t\t\t\t\t<div class=\"elementor-element elementor-element-475207f elementor-widget elementor-widget-heading\" data-id=\"475207f\" data-element_type=\"widget\" data-e-type=\"widget\" data-widget_type=\"heading.default\">\n\t\t\t\t<div class=\"elementor-widget-container\">\n\t\t\t\t\t<h2 class=\"elementor-heading-title elementor-size-default\">CONDITIONS G\u00c9N\u00c9RALES DE VENTE <\/h2>\t\t\t\t<\/div>\n\t\t\t\t<\/div>\n\t\t\t\t<div class=\"elementor-element elementor-element-429c2ab2 elementor-widget elementor-widget-text-editor\" data-id=\"429c2ab2\" data-element_type=\"widget\" data-e-type=\"widget\" data-widget_type=\"text-editor.default\">\n\t\t\t\t<div class=\"elementor-widget-container\">\n\t\t\t\t\t\t\t\t\t<ol>\r\n \t<li>Nos devis et offres sont \u00e9tablis sans aucun engagement de notre part. Nous nous r\u00e9servons le droit de proc\u00e9der \u00e0 des ajustements en cas d\u2019\u00e9volution des co\u00fbts salariaux et mat\u00e9riels.<\/li>\r\n \t<li>Les engagements pris par nos repr\u00e9sentants et pr\u00e9pos\u00e9s ne sont valables qu&rsquo;apr\u00e8s confirmation \u00e9crite et compl\u00e9mentaire sign\u00e9e par un administrateur et adress\u00e9e \u00e0 l&rsquo;acheteur.<\/li>\r\n \t<li>Toutes les marchandises sont enlev\u00e9es et accept\u00e9es dans nos entrep\u00f4ts et voyagent aux risques et p\u00e9rils du destinataire, m\u00eame en cas de livraison franco.<\/li>\r\n \t<li>En cas de non-conformit\u00e9 des marchandises livr\u00e9es par rapport aux sp\u00e9cifications, les clients sont pri\u00e9s d&rsquo;introduire une r\u00e9clamation aupr\u00e8s du chauffeur d\u00e8s le d\u00e9chargement et de noter les constatations sur le bon de livraison. Les r\u00e9clamations ne sont pas valables si le client signe pour accuser bonne r\u00e9ception.<\/li>\r\n \t<li>Les d\u00e9lais de livraison ne sont communiqu\u00e9s qu&rsquo;\u00e0 titre indicatif et ne peuvent en aucun cas \u00eatre invoqu\u00e9s \u00e0 l&rsquo;encontre du fabricant \u00e0 titre de demande d&rsquo;indemnisation pour retard d\u2019exp\u00e9dition. Le retard de livraison, quel qu&rsquo;il soit, n&rsquo;autorise pas le client \u00e0 refuser la marchandise command\u00e9e, sauf en cas d&rsquo;annulation \u00e9crite accept\u00e9e par nous.\r\nNous sommes \u00e9galement autoris\u00e9s \u00e0 effectuer des livraisons partielles. La quantit\u00e9 convenue de marchandises \u00e0 livrer s&rsquo;applique avec une marge de 10\u202f% \u00e0 la hausse ou \u00e0 la baisse. Pour les productions sp\u00e9ciales, cette marge est m\u00eame de 20\u202f% \u00e0 la hausse ou \u00e0 la baisse. (Les productions sp\u00e9ciales sont des articles pour lesquels le client fixe des conditions particuli\u00e8res concernant les mati\u00e8res premi\u00e8res ou la r\u00e9alisation).<\/li>\r\n \t<li>Chaque vente est conclue sous r\u00e9serve de r\u00e9f\u00e9rences appropri\u00e9es ; nous sommes en outre en droit d&rsquo;exiger \u00e0 tout moment au cours du contrat des preuves de garantie suffisantes pour la bonne ex\u00e9cution .<\/li>\r\n \t<li>Pour les commandes inf\u00e9rieures \u00e0 500\u202f\u20ac (hors TVA), des frais administratifs de 25\u202f\u20ac seront factur\u00e9s.<\/li>\r\n \t<li>Tous les cas de force majeure et de p\u00e9nurie de mati\u00e8res premi\u00e8res nous donnent le droit d&rsquo;annuler une commande ou d&rsquo;en reporter l&rsquo;ex\u00e9cution.<\/li>\r\n \t<li>Nos factures sont payables au comptant \u00e0 Sint-Niklaas \u00e0 la date pr\u00e9vue. Toute somme impay\u00e9e \u00e0 l&rsquo;\u00e9ch\u00e9ance portera de plein droit des int\u00e9r\u00eats au taux de 1,5\u202f% par mois de retard, sans mise en demeure pr\u00e9alable. Les frais relatifs aux lettres de change r\u00e9currentes ou aux r\u00e9c\u00e9piss\u00e9s sont \u00e0 charge de l&rsquo;acheteur. Une majoration de 20 % du montant de la facture impay\u00e9e, avec un minimum de 40\u202f\u20ac, sera en outre appliqu\u00e9e de plein droit et sans mise en demeure pr\u00e9alable.<\/li>\r\n \t<li>En cas de suspension des paiements, nous nous r\u00e9servons le droit soit d&rsquo;annuler la vente, soit de suspendre la livraison et, dans tous les cas, d&rsquo;exiger le paiement imm\u00e9diat des marchandises livr\u00e9es.<\/li>\r\n \t<li>Les livraisons ne sont effectu\u00e9es que sur routes praticables. Le d\u00e9chargement doit \u00eatre effectu\u00e9 par l&rsquo;acheteur.<\/li>\r\n \t<li>Aucune remarque concernant la quantit\u00e9, le type, la forme ou la qualit\u00e9 ne sera accept\u00e9e plus de huit jours apr\u00e8s la r\u00e9ception de notre note d&rsquo;envoi.<\/li>\r\n \t<li>La r\u00e8gle de qualit\u00e9 est la norme g\u00e9n\u00e9ralement appliqu\u00e9e dans le secteur, suivant la qualit\u00e9, les dimensions et la quantit\u00e9. La tol\u00e9rance de couleur d&rsquo;un article imprim\u00e9 entre l&rsquo;\u00e9chantillon et le produit livr\u00e9 ne peut constituer un motif de rejet tant que le produit respecte la norme d&rsquo;impression g\u00e9n\u00e9ralement applicable.<\/li>\r\n \t<li>Aucun d\u00e9faut constat\u00e9 dans notre livraison ne peut aller au-del\u00e0 du simple remplacement de la marchandise livr\u00e9e. Les pi\u00e8ces \u00e0 remplacer restent notre propri\u00e9t\u00e9 et les frais de transport \u00e0 partir de l&rsquo;ext\u00e9rieur de la ville sont \u00e0 charge de l&rsquo;acheteur.<\/li>\r\n \t<li>Si, apr\u00e8s une livraison, un de nos repr\u00e9sentants constate que celle-ci a subi des dommages, que ce soit par n\u00e9gligence ou pour d&rsquo;autres raisons, les frais seront \u00e0 charge du client. En cas de litige concernant la responsabilit\u00e9 de nos clients, nous sommes autoris\u00e9s \u00e0 d\u00e9signer un expert afin de d\u00e9terminer cette responsabilit\u00e9.<\/li>\r\n \t<li>Le signalement de d\u00e9fauts de qualit\u00e9 ne justifiera aucun report de paiement ni aucune mise en impossibilit\u00e9 de paiement de la facture.<\/li>\r\n \t<li>Les mod\u00e8les, moules, dessins, images d&rsquo;impression et clich\u00e9s command\u00e9s par nos soins et pay\u00e9s par le client restent notre propri\u00e9t\u00e9 (intellectuelle), sauf accord \u00e9crit contraire.<\/li>\r\n \t<li>Dans le cas de marchandises \u00e0 reprendre en bon \u00e9tat, une d\u00e9pr\u00e9ciation de 25 %\u202fsera appliqu\u00e9e pour couvrir les frais occasionn\u00e9s.<\/li>\r\n \t<li>R\u00e9serve de propri\u00e9t\u00e9 : les marchandises livr\u00e9es restent notre propri\u00e9t\u00e9 jusqu&rsquo;au paiement int\u00e9gral des soldes dus. En cas de d\u00e9faut de paiement, nos marchandises seront reprises par nos soins aux frais de l&rsquo;acheteur.<\/li>\r\n \t<li>L&rsquo;invalidit\u00e9 d&rsquo;une des clauses des pr\u00e9sentes conditions de vente ne modifiera en rien la validit\u00e9 de toutes les autres clauses.<\/li>\r\n \t<li>Seul le tribunal de Sint-Niklaas est comp\u00e9tent en cas de litige.<\/li>\r\n<\/ol>\r\n&nbsp;\t\t\t\t\t\t\t\t<\/div>\n\t\t\t\t<\/div>\n\t\t\t\t\t<\/div>\n\t\t<\/div>\n\t\t\t\t\t<\/div>\n\t\t<\/section>\n\t\t\t\t<\/div>\n\t\t","protected":false},"excerpt":{"rendered":"<p>CONDITIONS G\u00c9N\u00c9RALES DE VENTE Nos devis et offres sont \u00e9tablis sans aucun engagement de notre part. Nous nous r\u00e9servons le droit de proc\u00e9der \u00e0 des ajustements en cas d\u2019\u00e9volution des co\u00fbts salariaux et mat\u00e9riels. Les engagements pris par nos repr\u00e9sentants et pr\u00e9pos\u00e9s ne sont valables qu&rsquo;apr\u00e8s confirmation \u00e9crite et compl\u00e9mentaire sign\u00e9e par un administrateur et &hellip; <a href=\"https:\/\/avamoplast.be\/fr\/conditions-generales-de-vente\/\" class=\"more-link\">Continue reading<span class=\"screen-reader-text\"> \u00ab\u00a0Conditions g\u00e9n\u00e9rales de vente\u00a0\u00bb<\/span><\/a><\/p>\n","protected":false},"author":2,"featured_media":0,"parent":0,"menu_order":0,"comment_status":"closed","ping_status":"closed","template":"elementor_header_footer","meta":{"_acf_changed":false,"footnotes":""},"class_list":["post-6998","page","type-page","status-publish","hentry"],"acf":[],"yoast_head":"<!-- This site is optimized with the Yoast SEO plugin v27.6 - https:\/\/yoast.com\/product\/yoast-seo-wordpress\/ -->\n<title>Conditions g\u00e9n\u00e9rales de vente - Avamoplast<\/title>\n<meta name=\"robots\" content=\"index, follow, max-snippet:-1, max-image-preview:large, max-video-preview:-1\" \/>\n<link rel=\"canonical\" href=\"https:\/\/avamoplast.be\/fr\/conditions-generales-de-vente\/\" \/>\n<meta property=\"og:locale\" content=\"fr_FR\" \/>\n<meta property=\"og:type\" content=\"article\" \/>\n<meta property=\"og:title\" content=\"Conditions g\u00e9n\u00e9rales de vente - Avamoplast\" \/>\n<meta property=\"og:description\" content=\"CONDITIONS G\u00c9N\u00c9RALES DE VENTE Nos devis et offres sont \u00e9tablis sans aucun engagement de notre part. Nous nous r\u00e9servons le droit de proc\u00e9der \u00e0 des ajustements en cas d\u2019\u00e9volution des co\u00fbts salariaux et mat\u00e9riels. Les engagements pris par nos repr\u00e9sentants et pr\u00e9pos\u00e9s ne sont valables qu&rsquo;apr\u00e8s confirmation \u00e9crite et compl\u00e9mentaire sign\u00e9e par un administrateur et &hellip; Continue reading &quot;Conditions g\u00e9n\u00e9rales de vente&quot;\" \/>\n<meta property=\"og:url\" content=\"https:\/\/avamoplast.be\/fr\/conditions-generales-de-vente\/\" \/>\n<meta property=\"og:site_name\" content=\"Avamoplast\" \/>\n<meta property=\"article:modified_time\" content=\"2022-06-23T14:35:05+00:00\" \/>\n<meta name=\"twitter:card\" content=\"summary_large_image\" \/>\n<meta name=\"twitter:label1\" content=\"Dur\u00e9e de lecture estim\u00e9e\" \/>\n\t<meta name=\"twitter:data1\" content=\"4 minutes\" \/>\n<script type=\"application\/ld+json\" class=\"yoast-schema-graph\">{\"@context\":\"https:\\\/\\\/schema.org\",\"@graph\":[{\"@type\":\"WebPage\",\"@id\":\"https:\\\/\\\/avamoplast.be\\\/fr\\\/conditions-generales-de-vente\\\/\",\"url\":\"https:\\\/\\\/avamoplast.be\\\/fr\\\/conditions-generales-de-vente\\\/\",\"name\":\"Conditions g\u00e9n\u00e9rales de vente - Avamoplast\",\"isPartOf\":{\"@id\":\"https:\\\/\\\/avamoplast.be\\\/fr\\\/#website\"},\"datePublished\":\"2022-06-22T13:48:41+00:00\",\"dateModified\":\"2022-06-23T14:35:05+00:00\",\"breadcrumb\":{\"@id\":\"https:\\\/\\\/avamoplast.be\\\/fr\\\/conditions-generales-de-vente\\\/#breadcrumb\"},\"inLanguage\":\"fr-FR\",\"potentialAction\":[{\"@type\":\"ReadAction\",\"target\":[\"https:\\\/\\\/avamoplast.be\\\/fr\\\/conditions-generales-de-vente\\\/\"]}]},{\"@type\":\"BreadcrumbList\",\"@id\":\"https:\\\/\\\/avamoplast.be\\\/fr\\\/conditions-generales-de-vente\\\/#breadcrumb\",\"itemListElement\":[{\"@type\":\"ListItem\",\"position\":1,\"name\":\"Home\",\"item\":\"https:\\\/\\\/avamoplast.be\\\/fr\\\/\"},{\"@type\":\"ListItem\",\"position\":2,\"name\":\"Conditions g\u00e9n\u00e9rales de vente\"}]},{\"@type\":\"WebSite\",\"@id\":\"https:\\\/\\\/avamoplast.be\\\/fr\\\/#website\",\"url\":\"https:\\\/\\\/avamoplast.be\\\/fr\\\/\",\"name\":\"Avamoplast\",\"description\":\"des emballages en plastique 100 % recyclables \\n\\n\",\"potentialAction\":[{\"@type\":\"SearchAction\",\"target\":{\"@type\":\"EntryPoint\",\"urlTemplate\":\"https:\\\/\\\/avamoplast.be\\\/fr\\\/?s={search_term_string}\"},\"query-input\":{\"@type\":\"PropertyValueSpecification\",\"valueRequired\":true,\"valueName\":\"search_term_string\"}}],\"inLanguage\":\"fr-FR\"}]}<\/script>\n<!-- \/ Yoast SEO plugin. -->","yoast_head_json":{"title":"Conditions g\u00e9n\u00e9rales de vente - Avamoplast","robots":{"index":"index","follow":"follow","max-snippet":"max-snippet:-1","max-image-preview":"max-image-preview:large","max-video-preview":"max-video-preview:-1"},"canonical":"https:\/\/avamoplast.be\/fr\/conditions-generales-de-vente\/","og_locale":"fr_FR","og_type":"article","og_title":"Conditions g\u00e9n\u00e9rales de vente - Avamoplast","og_description":"CONDITIONS G\u00c9N\u00c9RALES DE VENTE Nos devis et offres sont \u00e9tablis sans aucun engagement de notre part. Nous nous r\u00e9servons le droit de proc\u00e9der \u00e0 des ajustements en cas d\u2019\u00e9volution des co\u00fbts salariaux et mat\u00e9riels. Les engagements pris par nos repr\u00e9sentants et pr\u00e9pos\u00e9s ne sont valables qu&rsquo;apr\u00e8s confirmation \u00e9crite et compl\u00e9mentaire sign\u00e9e par un administrateur et &hellip; Continue reading \"Conditions g\u00e9n\u00e9rales de vente\"","og_url":"https:\/\/avamoplast.be\/fr\/conditions-generales-de-vente\/","og_site_name":"Avamoplast","article_modified_time":"2022-06-23T14:35:05+00:00","twitter_card":"summary_large_image","twitter_misc":{"Dur\u00e9e de lecture estim\u00e9e":"4 minutes"},"schema":{"@context":"https:\/\/schema.org","@graph":[{"@type":"WebPage","@id":"https:\/\/avamoplast.be\/fr\/conditions-generales-de-vente\/","url":"https:\/\/avamoplast.be\/fr\/conditions-generales-de-vente\/","name":"Conditions g\u00e9n\u00e9rales de vente - Avamoplast","isPartOf":{"@id":"https:\/\/avamoplast.be\/fr\/#website"},"datePublished":"2022-06-22T13:48:41+00:00","dateModified":"2022-06-23T14:35:05+00:00","breadcrumb":{"@id":"https:\/\/avamoplast.be\/fr\/conditions-generales-de-vente\/#breadcrumb"},"inLanguage":"fr-FR","potentialAction":[{"@type":"ReadAction","target":["https:\/\/avamoplast.be\/fr\/conditions-generales-de-vente\/"]}]},{"@type":"BreadcrumbList","@id":"https:\/\/avamoplast.be\/fr\/conditions-generales-de-vente\/#breadcrumb","itemListElement":[{"@type":"ListItem","position":1,"name":"Home","item":"https:\/\/avamoplast.be\/fr\/"},{"@type":"ListItem","position":2,"name":"Conditions g\u00e9n\u00e9rales de vente"}]},{"@type":"WebSite","@id":"https:\/\/avamoplast.be\/fr\/#website","url":"https:\/\/avamoplast.be\/fr\/","name":"Avamoplast","description":"des emballages en plastique 100 % recyclables \n\n","potentialAction":[{"@type":"SearchAction","target":{"@type":"EntryPoint","urlTemplate":"https:\/\/avamoplast.be\/fr\/?s={search_term_string}"},"query-input":{"@type":"PropertyValueSpecification","valueRequired":true,"valueName":"search_term_string"}}],"inLanguage":"fr-FR"}]}},"_links":{"self":[{"href":"https:\/\/avamoplast.be\/fr\/wp-json\/wp\/v2\/pages\/6998","targetHints":{"allow":["GET"]}}],"collection":[{"href":"https:\/\/avamoplast.be\/fr\/wp-json\/wp\/v2\/pages"}],"about":[{"href":"https:\/\/avamoplast.be\/fr\/wp-json\/wp\/v2\/types\/page"}],"author":[{"embeddable":true,"href":"https:\/\/avamoplast.be\/fr\/wp-json\/wp\/v2\/users\/2"}],"replies":[{"embeddable":true,"href":"https:\/\/avamoplast.be\/fr\/wp-json\/wp\/v2\/comments?post=6998"}],"version-history":[{"count":0,"href":"https:\/\/avamoplast.be\/fr\/wp-json\/wp\/v2\/pages\/6998\/revisions"}],"wp:attachment":[{"href":"https:\/\/avamoplast.be\/fr\/wp-json\/wp\/v2\/media?parent=6998"}],"curies":[{"name":"wp","href":"https:\/\/api.w.org\/{rel}","templated":true}]}}